{"id":4306,"date":"2024-05-24T18:27:22","date_gmt":"2024-05-24T23:27:22","guid":{"rendered":"https:\/\/dev.elyxirdigital.com\/lacolina\/?page_id=4306"},"modified":"2025-12-05T09:59:42","modified_gmt":"2025-12-05T14:59:42","slug":"charladeadmisiones","status":"publish","type":"page","link":"https:\/\/lamoderna.edu.ec\/en\/charladeadmisiones\/","title":{"rendered":"Admissions Talk"},"content":{"rendered":"\t\t<div data-elementor-type=\"wp-page\" data-elementor-id=\"4306\" class=\"elementor elementor-4306\" data-elementor-post-type=\"page\">\n\t\t\t\t<div class=\"elementor-element elementor-element-6961f20 e-flex e-con-boxed e-con e-parent\" data-id=\"6961f20\" data-element_type=\"container\" data-e-type=\"container\">\n\t\t\t\t\t<div class=\"e-con-inner\">\n\t\t<div class=\"elementor-element elementor-element-8ef6034 e-con-full e-flex e-con e-child\" data-id=\"8ef6034\" data-element_type=\"container\" data-e-type=\"container\">\n\t\t\t\t<div class=\"elementor-element elementor-element-bff1b3d elementor-widget elementor-widget-image\" data-id=\"bff1b3d\" data-element_type=\"widget\" data-e-type=\"widget\" data-widget_type=\"image.default\">\n\t\t\t\t<div class=\"elementor-widget-container\">\n\t\t\t\t\t\t\t\t\t\t\t\t\t\t\t\t<a href=\"https:\/\/lamoderna.edu.ec\/charladeadmisiones\/\">\n\t\t\t\t\t\t\t<img fetchpriority=\"high\" decoding=\"async\" width=\"640\" height=\"640\" src=\"https:\/\/lamoderna.edu.ec\/wp-content\/uploads\/2025\/03\/FOTOS-TRIPTICO-min-1-768x768.jpg\" class=\"attachment-medium_large size-medium_large wp-image-380474\" alt=\"\" srcset=\"https:\/\/lamoderna.edu.ec\/wp-content\/uploads\/2025\/03\/FOTOS-TRIPTICO-min-1-768x768.jpg 768w, https:\/\/lamoderna.edu.ec\/wp-content\/uploads\/2025\/03\/FOTOS-TRIPTICO-min-1-300x300.jpg 300w, https:\/\/lamoderna.edu.ec\/wp-content\/uploads\/2025\/03\/FOTOS-TRIPTICO-min-1-150x150.jpg 150w, https:\/\/lamoderna.edu.ec\/wp-content\/uploads\/2025\/03\/FOTOS-TRIPTICO-min-1-12x12.jpg 12w, https:\/\/lamoderna.edu.ec\/wp-content\/uploads\/2025\/03\/FOTOS-TRIPTICO-min-1.jpg 1000w\" sizes=\"(max-width: 640px) 100vw, 640px\" \/>\t\t\t\t\t\t\t\t<\/a>\n\t\t\t\t\t\t\t\t\t\t\t\t\t\t\t<\/div>\n\t\t\t\t<\/div>\n\t\t\t\t<\/div>\n\t\t<div class=\"elementor-element elementor-element-0a07d1d e-con-full e-flex e-con e-child\" data-id=\"0a07d1d\" data-element_type=\"container\" data-e-type=\"container\">\n\t\t\t\t<div class=\"elementor-element elementor-element-45ff7ef elementor-widget elementor-widget-heading\" data-id=\"45ff7ef\" data-element_type=\"widget\" data-e-type=\"widget\" data-widget_type=\"heading.default\">\n\t\t\t\t<div class=\"elementor-widget-container\">\n\t\t\t\t\t<h1 class=\"elementor-heading-title elementor-size-default\">Charla de Admisiones<\/h1>\t\t\t\t<\/div>\n\t\t\t\t<\/div>\n\t\t\t\t<div class=\"elementor-element elementor-element-f6eff54 elementor-widget elementor-widget-heading\" data-id=\"f6eff54\" data-element_type=\"widget\" data-e-type=\"widget\" data-widget_type=\"heading.default\">\n\t\t\t\t<div class=\"elementor-widget-container\">\n\t\t\t\t\t<h2 class=\"elementor-heading-title elementor-size-default\">Admisiones Abiertas 2026<\/h2>\t\t\t\t<\/div>\n\t\t\t\t<\/div>\n\t\t\t\t<div class=\"elementor-element elementor-element-646f577 elementor-widget elementor-widget-heading\" data-id=\"646f577\" data-element_type=\"widget\" data-e-type=\"widget\" data-widget_type=\"heading.default\">\n\t\t\t\t<div class=\"elementor-widget-container\">\n\t\t\t\t\t<h2 class=\"elementor-heading-title elementor-size-default\">\u00a1El lugar ideal para aprender y crecer!<\/h2>\t\t\t\t<\/div>\n\t\t\t\t<\/div>\n\t\t\t\t<div class=\"elementor-element elementor-element-85844a8 elementor-widget elementor-widget-html\" data-id=\"85844a8\" data-element_type=\"widget\" data-e-type=\"widget\" data-widget_type=\"html.default\">\n\t\t\t\t<div class=\"elementor-widget-container\">\n\t\t\t\t\t<style>\r\n\r\n.contactenos , label {\r\n    color: white;\r\n    \r\n}\r\n.contactenos , textarea, select, option {\r\n    border-color: #000;\r\n    border-radius: 10px;\r\n    font-family: montserrat;\r\n    \r\n    \r\n}    \r\n#hbspt-form-b95a275b-aaf1-497e-9e08-e4df366e1ba9 form div label {\r\n    color: #ffffff;\r\n    \r\n}\r\n<\/style>\r\n\r\n<!--[if lte IE 8]>\r\n<script charset=\"utf-8\" type=\"text\/javascript\" src=\"\/\/js.hsforms.net\/forms\/v2-legacy.js\"><\/script>\r\n<![endif]-->\r\n<bR>\r\n\r\n<script charset=\"utf-8\" type=\"text\/javascript\" src=\"\/\/js.hsforms.net\/forms\/v2.js?pre=1\"><\/script>\r\n<script>\r\n  hbspt.forms.create({\r\n    region: \"na1\",\r\n    portalId: \"4541203\",\r\n    formId: \"73b1cdfb-bc3a-426d-8ab9-873b0b2460d1\"\r\n  });\r\n<\/script>\t\t\t\t<\/div>\n\t\t\t\t<\/div>\n\t\t\t\t<\/div>\n\t\t\t\t\t<\/div>\n\t\t\t\t<\/div>\n\t\t<div class=\"elementor-element elementor-element-322b058 e-flex e-con-boxed e-con e-parent\" data-id=\"322b058\" data-element_type=\"container\" data-e-type=\"container\">\n\t\t\t\t\t<div class=\"e-con-inner\">\n\t\t<div class=\"elementor-element elementor-element-65f0e6d e-con-full e-flex e-con e-child\" data-id=\"65f0e6d\" data-element_type=\"container\" data-e-type=\"container\">\n\t\t\t\t<div class=\"elementor-element elementor-element-4c6bdbf elementor-widget elementor-widget-heading\" data-id=\"4c6bdbf\" data-element_type=\"widget\" data-e-type=\"widget\" data-widget_type=\"heading.default\">\n\t\t\t\t<div class=\"elementor-widget-container\">\n\t\t\t\t\t<h2 class=\"elementor-heading-title elementor-size-default\">Vive nuestro Amazing Learning La Moderna<\/h2>\t\t\t\t<\/div>\n\t\t\t\t<\/div>\n\t\t\t\t<div class=\"elementor-element elementor-element-c41986e elementor-widget elementor-widget-text-editor\" data-id=\"c41986e\" data-element_type=\"widget\" data-e-type=\"widget\" data-widget_type=\"text-editor.default\">\n\t\t\t\t<div class=\"elementor-widget-container\">\n\t\t\t\t\t\t\t\t\t<p>Vive una experiencia educativa \u00fanica con Amazing Learning La Moderna, un modelo que impulsa el desarrollo integral de cada estudiante y transforma la manera en que aprenden, piensan y descubren el mundo.<\/p><p>En La Moderna, nuestros estudiantes dominan el ingl\u00e9s desde preescolar, acceden a certificaciones Cambridge y se preparan con el programa oficial SAT, abriendo puertas a universidades internacionales.<\/p><p>Nuestro programa Amazing Learning se vive desde preescolar hasta bachillerato, guiando a los estudiantes a superar sus propias metas y disfrutar el proceso de aprender cada d\u00eda.<\/p>\t\t\t\t\t\t\t\t<\/div>\n\t\t\t\t<\/div>\n\t\t\t\t<\/div>\n\t\t<div class=\"elementor-element elementor-element-d0fa310 e-con-full e-flex e-con e-child\" data-id=\"d0fa310\" data-element_type=\"container\" data-e-type=\"container\">\n\t\t\t\t<div class=\"elementor-element elementor-element-b26e4a3 elementor-widget elementor-widget-video\" data-id=\"b26e4a3\" data-element_type=\"widget\" data-e-type=\"widget\" data-settings=\"{&quot;youtube_url&quot;:&quot;https:\\\/\\\/www.youtube.com\\\/watch?v=n1TdB39roo8&amp;t=2s&quot;,&quot;video_type&quot;:&quot;youtube&quot;,&quot;controls&quot;:&quot;yes&quot;}\" data-widget_type=\"video.default\">\n\t\t\t\t<div class=\"elementor-widget-container\">\n\t\t\t\t\t\t\t<div class=\"elementor-wrapper elementor-open-inline\">\n\t\t\t<div class=\"elementor-video\"><\/div>\t\t<\/div>\n\t\t\t\t\t\t<\/div>\n\t\t\t\t<\/div>\n\t\t\t\t<\/div>\n\t\t\t\t\t<\/div>\n\t\t\t\t<\/div>\n\t\t<div class=\"elementor-element elementor-element-8518e9d e-flex e-con-boxed e-con e-parent\" data-id=\"8518e9d\" data-element_type=\"container\" data-e-type=\"container\">\n\t\t\t\t\t<div class=\"e-con-inner\">\n\t\t<div class=\"elementor-element elementor-element-d8a7a72 e-con-full e-flex e-con e-child\" data-id=\"d8a7a72\" data-element_type=\"container\" data-e-type=\"container\">\n\t\t\t\t<div class=\"elementor-element elementor-element-b5119c8 elementor-widget elementor-widget-image\" data-id=\"b5119c8\" data-element_type=\"widget\" data-e-type=\"widget\" data-widget_type=\"image.default\">\n\t\t\t\t<div class=\"elementor-widget-container\">\n\t\t\t\t\t\t\t\t\t\t\t\t\t\t\t<img decoding=\"async\" width=\"640\" height=\"429\" src=\"https:\/\/lamoderna.edu.ec\/wp-content\/uploads\/2024\/06\/Bachillerato-2-e1717693221499-1024x687.jpeg\" class=\"attachment-large size-large wp-image-378685\" alt=\"\" srcset=\"https:\/\/lamoderna.edu.ec\/wp-content\/uploads\/2024\/06\/Bachillerato-2-e1717693221499-1024x687.jpeg 1024w, https:\/\/lamoderna.edu.ec\/wp-content\/uploads\/2024\/06\/Bachillerato-2-e1717693221499-300x201.jpeg 300w, https:\/\/lamoderna.edu.ec\/wp-content\/uploads\/2024\/06\/Bachillerato-2-e1717693221499-768x515.jpeg 768w, https:\/\/lamoderna.edu.ec\/wp-content\/uploads\/2024\/06\/Bachillerato-2-e1717693221499.jpeg 1100w\" sizes=\"(max-width: 640px) 100vw, 640px\" \/>\t\t\t\t\t\t\t\t\t\t\t\t\t\t\t<\/div>\n\t\t\t\t<\/div>\n\t\t\t\t<\/div>\n\t\t<div class=\"elementor-element elementor-element-76ec3c5 e-con-full e-flex e-con e-child\" data-id=\"76ec3c5\" data-element_type=\"container\" data-e-type=\"container\">\n\t\t\t\t<div class=\"elementor-element elementor-element-bc838ad elementor-widget elementor-widget-text-editor\" data-id=\"bc838ad\" data-element_type=\"widget\" data-e-type=\"widget\" data-widget_type=\"text-editor.default\">\n\t\t\t\t<div class=\"elementor-widget-container\">\n\t\t\t\t\t\t\t\t\t<p>Desde temprana edad, los ni\u00f1os participan en un s\u00f3lido programa de ingl\u00e9s, que sienta las bases para una comunicaci\u00f3n biling\u00fce fluida y segura. A partir de cuarto de b\u00e1sica, comienza tambi\u00e9n el programa de franc\u00e9s.<\/p><p>El compromiso de La Moderna con la excelencia se refleja en la obtenci\u00f3n de la segunda estrella EFQM, s\u00edmbolo de calidad educativa y mejora continua.<\/p><p>Somos una gran familia: Nuestra filosof\u00eda se basa en valores institucionales como el respeto, la responsabilidad, la libertad, la igualdad y la solidaridad, pilares que fortalecen la convivencia y el liderazgo positivo.<\/p><p>Los espacios de aprendizaje del colegio son din\u00e1micos, variados y enriquecedores. Promueven la exploraci\u00f3n, la experimentaci\u00f3n y la curiosidad.<\/p>\t\t\t\t\t\t\t\t<\/div>\n\t\t\t\t<\/div>\n\t\t\t\t<\/div>\n\t\t\t\t\t<\/div>\n\t\t\t\t<\/div>\n\t\t<div class=\"elementor-element elementor-element-feb2ea7 e-flex e-con-boxed e-con e-parent\" data-id=\"feb2ea7\" data-element_type=\"container\" data-e-type=\"container\">\n\t\t\t\t\t<div class=\"e-con-inner\">\n\t\t\t\t<div class=\"elementor-element elementor-element-f085453 elementor-widget elementor-widget-heading\" data-id=\"f085453\" data-element_type=\"widget\" data-e-type=\"widget\" data-widget_type=\"heading.default\">\n\t\t\t\t<div class=\"elementor-widget-container\">\n\t\t\t\t\t<h3 class=\"elementor-heading-title elementor-size-default\">Conoce nuestro programa educativo<\/h3>\t\t\t\t<\/div>\n\t\t\t\t<\/div>\n\t\t\t\t<div class=\"elementor-element elementor-element-f44592b elementor-align-center elementor-widget elementor-widget-button\" data-id=\"f44592b\" data-element_type=\"widget\" data-e-type=\"widget\" data-widget_type=\"button.default\">\n\t\t\t\t<div class=\"elementor-widget-container\">\n\t\t\t\t\t\t\t\t\t<div class=\"elementor-button-wrapper\">\n\t\t\t\t\t<a class=\"elementor-button elementor-button-link elementor-size-sm\" href=\"https:\/\/lamoderna.edu.ec\/wp-content\/uploads\/2024\/05\/Programa-educativo-Colegio-La-Moderna-2023.pdf\" target=\"_blank\">\n\t\t\t\t\t\t<span class=\"elementor-button-content-wrapper\">\n\t\t\t\t\t\t\t\t\t<span class=\"elementor-button-text\">Haz clic aqu\u00ed<\/span>\n\t\t\t\t\t<\/span>\n\t\t\t\t\t<\/a>\n\t\t\t\t<\/div>\n\t\t\t\t\t\t\t\t<\/div>\n\t\t\t\t<\/div>\n\t\t\t\t\t<\/div>\n\t\t\t\t<\/div>\n\t\t<div class=\"elementor-element elementor-element-83d3e2a e-flex e-con-boxed e-con e-parent\" data-id=\"83d3e2a\" data-element_type=\"container\" data-e-type=\"container\" data-settings=\"{&quot;background_background&quot;:&quot;classic&quot;}\">\n\t\t\t\t\t<div class=\"e-con-inner\">\n\t\t\t\t<div class=\"elementor-element elementor-element-adb3806 elementor-widget elementor-widget-text-editor\" data-id=\"adb3806\" data-element_type=\"widget\" data-e-type=\"widget\" data-widget_type=\"text-editor.default\">\n\t\t\t\t<div class=\"elementor-widget-container\">\n\t\t\t\t\t\t\t\t\t<h3><strong>Oportunidades de Aprendizaje Internacional para nuestros estudiantes<\/strong><\/h3>\t\t\t\t\t\t\t\t<\/div>\n\t\t\t\t<\/div>\n\t\t\t\t\t<\/div>\n\t\t\t\t<\/div>\n\t\t<div class=\"elementor-element elementor-element-5e4b8ae e-flex e-con-boxed e-con e-parent\" data-id=\"5e4b8ae\" data-element_type=\"container\" data-e-type=\"container\" data-settings=\"{&quot;background_background&quot;:&quot;classic&quot;}\">\n\t\t\t\t\t<div class=\"e-con-inner\">\n\t\t<div class=\"elementor-element elementor-element-3853e47 e-con-full e-flex e-con e-child\" data-id=\"3853e47\" data-element_type=\"container\" data-e-type=\"container\">\n\t\t\t\t<div class=\"elementor-element elementor-element-793e342 elementor-widget elementor-widget-image\" data-id=\"793e342\" data-element_type=\"widget\" data-e-type=\"widget\" data-widget_type=\"image.default\">\n\t\t\t\t<div class=\"elementor-widget-container\">\n\t\t\t\t\t\t\t\t\t\t\t\t\t\t\t<img decoding=\"async\" width=\"640\" height=\"427\" src=\"https:\/\/lamoderna.edu.ec\/wp-content\/uploads\/2024\/05\/estudiante-moderna.jpg\" class=\"attachment-large size-large wp-image-377833\" alt=\"\" srcset=\"https:\/\/lamoderna.edu.ec\/wp-content\/uploads\/2024\/05\/estudiante-moderna.jpg 1000w, https:\/\/lamoderna.edu.ec\/wp-content\/uploads\/2024\/05\/estudiante-moderna-300x200.jpg 300w, https:\/\/lamoderna.edu.ec\/wp-content\/uploads\/2024\/05\/estudiante-moderna-768x512.jpg 768w\" sizes=\"(max-width: 640px) 100vw, 640px\" \/>\t\t\t\t\t\t\t\t\t\t\t\t\t\t\t<\/div>\n\t\t\t\t<\/div>\n\t\t\t\t<\/div>\n\t\t<div class=\"elementor-element elementor-element-d543896 e-con-full e-flex e-con e-child\" data-id=\"d543896\" data-element_type=\"container\" data-e-type=\"container\" data-settings=\"{&quot;background_background&quot;:&quot;classic&quot;}\">\n\t\t\t\t<div class=\"elementor-element elementor-element-2a07191 elementor-widget elementor-widget-text-editor\" data-id=\"2a07191\" data-element_type=\"widget\" data-e-type=\"widget\" data-widget_type=\"text-editor.default\">\n\t\t\t\t<div class=\"elementor-widget-container\">\n\t\t\t\t\t\t\t\t\t<p>Nuestro promotor International Schools Partnership (ISP), le brinda continuamente las mejores oportunidades de aprendizaje posibles para nuestros estudiantes y sus familias. Creemos que, como parte del viaje de aprendizaje de nuestros estudiantes, es importante que tengan la oportunidad de experimentar el aprendizaje fuera del aula y conectarse con otros estudiantes de ISP en todo el mundo. Como grupo global de escuelas, nuestros estudiantes se benefician de ser parte de una comunidad internacional m\u00e1s amplia, que brinda muchas oportunidades culturales y de aprendizaje adicionales.<\/p>\t\t\t\t\t\t\t\t<\/div>\n\t\t\t\t<\/div>\n\t\t\t\t<\/div>\n\t\t\t\t\t<\/div>\n\t\t\t\t<\/div>\n\t\t<div class=\"elementor-element elementor-element-9f34aa7 e-flex e-con-boxed e-con e-parent\" data-id=\"9f34aa7\" data-element_type=\"container\" data-e-type=\"container\" data-settings=\"{&quot;background_background&quot;:&quot;classic&quot;}\">\n\t\t\t\t\t<div class=\"e-con-inner\">\n\t\t\t\t<div class=\"elementor-element elementor-element-2a26c69 elementor-widget elementor-widget-text-editor\" data-id=\"2a26c69\" data-element_type=\"widget\" data-e-type=\"widget\" data-widget_type=\"text-editor.default\">\n\t\t\t\t<div class=\"elementor-widget-container\">\n\t\t\t\t\t\t\t\t\t<p>Queremos que todos los estudiantes de ISP tengan la oportunidad de experimentar el aprendizaje fuera del aula, practicar repetidamente habilidades para la vida y conectarse con otros estudiantes de ISP en todo el mundo.<\/p>\t\t\t\t\t\t\t\t<\/div>\n\t\t\t\t<\/div>\n\t\t\t\t\t<\/div>\n\t\t\t\t<\/div>\n\t\t<div class=\"elementor-element elementor-element-6813aa9 e-flex e-con-boxed e-con e-parent\" data-id=\"6813aa9\" data-element_type=\"container\" data-e-type=\"container\">\n\t\t\t\t\t<div class=\"e-con-inner\">\n\t\t<div class=\"elementor-element elementor-element-ca876e9 e-con-full e-flex e-con e-child\" data-id=\"ca876e9\" data-element_type=\"container\" data-e-type=\"container\">\n\t\t\t\t<div class=\"elementor-element elementor-element-bb9edc3 elementor-widget elementor-widget-text-editor\" data-id=\"bb9edc3\" data-element_type=\"widget\" data-e-type=\"widget\" data-widget_type=\"text-editor.default\">\n\t\t\t\t<div class=\"elementor-widget-container\">\n\t\t\t\t\t\t\t\t\t<p>PROGRAMA DE ESTIMULACI\u00d3N TEMPRANA<\/p>\t\t\t\t\t\t\t\t<\/div>\n\t\t\t\t<\/div>\n\t\t\t\t<div class=\"elementor-element elementor-element-553c464 elementor-widget elementor-widget-text-editor\" data-id=\"553c464\" data-element_type=\"widget\" data-e-type=\"widget\" data-widget_type=\"text-editor.default\">\n\t\t\t\t<div class=\"elementor-widget-container\">\n\t\t\t\t\t\t\t\t\t<p>El <strong>Programa de Estimulaci\u00f3n Temprana<\/strong> de <em>La Moderna<\/em> acompa\u00f1a el desarrollo f\u00edsico, emocional y cognitivo de los ni\u00f1os en sus primeros a\u00f1os. Nuestras manos parvularias expertas crean experiencias de juego y aprendizaje que fortalecen la autonom\u00eda, la curiosidad y las habilidades sociales, formando bases s\u00f3lidas para su educaci\u00f3n futura en un entorno c\u00e1lido, seguro y estimulante.<\/p>\t\t\t\t\t\t\t\t<\/div>\n\t\t\t\t<\/div>\n\t\t\t\t<div class=\"elementor-element elementor-element-5aeaaf6 elementor-align-center elementor-widget elementor-widget-button\" data-id=\"5aeaaf6\" data-element_type=\"widget\" data-e-type=\"widget\" data-widget_type=\"button.default\">\n\t\t\t\t<div class=\"elementor-widget-container\">\n\t\t\t\t\t\t\t\t\t<div class=\"elementor-button-wrapper\">\n\t\t\t\t\t<a class=\"elementor-button elementor-button-link elementor-size-sm\" href=\"https:\/\/lamoderna.edu.ec\/programa-de-estimulacion-temprana\/\">\n\t\t\t\t\t\t<span class=\"elementor-button-content-wrapper\">\n\t\t\t\t\t\t\t\t\t<span class=\"elementor-button-text\">LEER M\u00c1S<\/span>\n\t\t\t\t\t<\/span>\n\t\t\t\t\t<\/a>\n\t\t\t\t<\/div>\n\t\t\t\t\t\t\t\t<\/div>\n\t\t\t\t<\/div>\n\t\t\t\t<\/div>\n\t\t<div class=\"elementor-element elementor-element-39ce826 e-con-full e-flex e-con e-child\" data-id=\"39ce826\" data-element_type=\"container\" data-e-type=\"container\">\n\t\t\t\t<div class=\"elementor-element elementor-element-61d7c40 elementor-widget elementor-widget-image\" data-id=\"61d7c40\" data-element_type=\"widget\" data-e-type=\"widget\" data-widget_type=\"image.default\">\n\t\t\t\t<div class=\"elementor-widget-container\">\n\t\t\t\t\t\t\t\t\t\t\t\t\t\t\t<img loading=\"lazy\" decoding=\"async\" width=\"616\" height=\"411\" src=\"https:\/\/lamoderna.edu.ec\/wp-content\/uploads\/2024\/05\/guarderia-1.jpg\" class=\"attachment-large size-large wp-image-377846\" alt=\"\" srcset=\"https:\/\/lamoderna.edu.ec\/wp-content\/uploads\/2024\/05\/guarderia-1.jpg 616w, https:\/\/lamoderna.edu.ec\/wp-content\/uploads\/2024\/05\/guarderia-1-300x200.jpg 300w\" sizes=\"(max-width: 616px) 100vw, 616px\" \/>\t\t\t\t\t\t\t\t\t\t\t\t\t\t\t<\/div>\n\t\t\t\t<\/div>\n\t\t\t\t<\/div>\n\t\t\t\t\t<\/div>\n\t\t\t\t<\/div>\n\t\t<div class=\"elementor-element elementor-element-2ab10e1 e-flex e-con-boxed e-con e-parent\" data-id=\"2ab10e1\" data-element_type=\"container\" data-e-type=\"container\" data-settings=\"{&quot;background_background&quot;:&quot;classic&quot;}\">\n\t\t\t\t\t<div class=\"e-con-inner\">\n\t\t<div class=\"elementor-element elementor-element-80e4f90 e-con-full e-flex e-con e-child\" data-id=\"80e4f90\" data-element_type=\"container\" data-e-type=\"container\">\n\t\t\t\t<div class=\"elementor-element elementor-element-8535ea5 elementor-widget elementor-widget-image\" data-id=\"8535ea5\" data-element_type=\"widget\" data-e-type=\"widget\" data-widget_type=\"image.default\">\n\t\t\t\t<div class=\"elementor-widget-container\">\n\t\t\t\t\t\t\t\t\t\t\t\t\t\t\t<img loading=\"lazy\" decoding=\"async\" width=\"616\" height=\"411\" src=\"https:\/\/lamoderna.edu.ec\/wp-content\/uploads\/2024\/05\/preescolar-1.jpg\" class=\"attachment-large size-large wp-image-377858\" alt=\"\" srcset=\"https:\/\/lamoderna.edu.ec\/wp-content\/uploads\/2024\/05\/preescolar-1.jpg 616w, https:\/\/lamoderna.edu.ec\/wp-content\/uploads\/2024\/05\/preescolar-1-300x200.jpg 300w\" sizes=\"(max-width: 616px) 100vw, 616px\" \/>\t\t\t\t\t\t\t\t\t\t\t\t\t\t\t<\/div>\n\t\t\t\t<\/div>\n\t\t\t\t<\/div>\n\t\t<div class=\"elementor-element elementor-element-838c9b0 e-con-full e-flex e-con e-child\" data-id=\"838c9b0\" data-element_type=\"container\" data-e-type=\"container\">\n\t\t\t\t<div class=\"elementor-element elementor-element-08e3e81 elementor-widget elementor-widget-text-editor\" data-id=\"08e3e81\" data-element_type=\"widget\" data-e-type=\"widget\" data-widget_type=\"text-editor.default\">\n\t\t\t\t<div class=\"elementor-widget-container\">\n\t\t\t\t\t\t\t\t\t<p>EDUCACI\u00d3N INICIAL<\/p>\t\t\t\t\t\t\t\t<\/div>\n\t\t\t\t<\/div>\n\t\t\t\t<div class=\"elementor-element elementor-element-b8aeb26 elementor-widget elementor-widget-text-editor\" data-id=\"b8aeb26\" data-element_type=\"widget\" data-e-type=\"widget\" data-widget_type=\"text-editor.default\">\n\t\t\t\t<div class=\"elementor-widget-container\">\n\t\t\t\t\t\t\t\t\t<p>La <strong>Educaci\u00f3n Inicial<\/strong> en <em>La Moderna<\/em> ofrece un entorno l\u00fadico y estimulante donde los ni\u00f1os y ni\u00f1as desarrollan habilidades y destrezas en ingl\u00e9s y espa\u00f1ol. A trav\u00e9s de experiencias significativas y un enfoque sist\u00e9mico, potenciamos sus capacidades cognitivas, sociales y emocionales. Nuestro proyecto educativo promueve aprendizajes relevantes que fortalecen la curiosidad, la expresi\u00f3n y la confianza desde los primeros a\u00f1os.<\/p>\t\t\t\t\t\t\t\t<\/div>\n\t\t\t\t<\/div>\n\t\t\t\t<div class=\"elementor-element elementor-element-a433562 elementor-align-center elementor-widget elementor-widget-button\" data-id=\"a433562\" data-element_type=\"widget\" data-e-type=\"widget\" data-widget_type=\"button.default\">\n\t\t\t\t<div class=\"elementor-widget-container\">\n\t\t\t\t\t\t\t\t\t<div class=\"elementor-button-wrapper\">\n\t\t\t\t\t<a class=\"elementor-button elementor-button-link elementor-size-sm\" href=\"https:\/\/lamoderna.edu.ec\/educacion-inicial\/\">\n\t\t\t\t\t\t<span class=\"elementor-button-content-wrapper\">\n\t\t\t\t\t\t\t\t\t<span class=\"elementor-button-text\">LEER M\u00c1S<\/span>\n\t\t\t\t\t<\/span>\n\t\t\t\t\t<\/a>\n\t\t\t\t<\/div>\n\t\t\t\t\t\t\t\t<\/div>\n\t\t\t\t<\/div>\n\t\t\t\t<\/div>\n\t\t\t\t\t<\/div>\n\t\t\t\t<\/div>\n\t\t<div class=\"elementor-element elementor-element-8894595 e-flex e-con-boxed e-con e-parent\" data-id=\"8894595\" data-element_type=\"container\" data-e-type=\"container\">\n\t\t\t\t\t<div class=\"e-con-inner\">\n\t\t<div class=\"elementor-element elementor-element-98d55a7 e-con-full e-flex e-con e-child\" data-id=\"98d55a7\" data-element_type=\"container\" data-e-type=\"container\">\n\t\t\t\t<div class=\"elementor-element elementor-element-50fe448 elementor-widget elementor-widget-text-editor\" data-id=\"50fe448\" data-element_type=\"widget\" data-e-type=\"widget\" data-widget_type=\"text-editor.default\">\n\t\t\t\t<div class=\"elementor-widget-container\">\n\t\t\t\t\t\t\t\t\t<p>EDUCACI\u00d3N B\u00c1SICA<\/p>\t\t\t\t\t\t\t\t<\/div>\n\t\t\t\t<\/div>\n\t\t\t\t<div class=\"elementor-element elementor-element-93ae84b elementor-widget elementor-widget-text-editor\" data-id=\"93ae84b\" data-element_type=\"widget\" data-e-type=\"widget\" data-widget_type=\"text-editor.default\">\n\t\t\t\t<div class=\"elementor-widget-container\">\n\t\t\t\t\t\t\t\t\t<p>La <strong>Educaci\u00f3n B\u00e1sica<\/strong> en <em>La Moderna<\/em> ofrece una formaci\u00f3n biling\u00fce s\u00f3lida que impulsa el dominio del ingl\u00e9s como primera lengua, sin dejar de fortalecer la lengua materna. Nuestro programa abarca diez niveles de estudio, desde primer grado, integrando todas las \u00e1reas del conocimiento de forma equilibrada. Promovemos aprendizajes significativos que desarrollan pensamiento cr\u00edtico, valores y competencias para un futuro global.<\/p>\t\t\t\t\t\t\t\t<\/div>\n\t\t\t\t<\/div>\n\t\t\t\t<div class=\"elementor-element elementor-element-fd8e6e7 elementor-align-center elementor-widget elementor-widget-button\" data-id=\"fd8e6e7\" data-element_type=\"widget\" data-e-type=\"widget\" data-widget_type=\"button.default\">\n\t\t\t\t<div class=\"elementor-widget-container\">\n\t\t\t\t\t\t\t\t\t<div class=\"elementor-button-wrapper\">\n\t\t\t\t\t<a class=\"elementor-button elementor-button-link elementor-size-sm\" href=\"https:\/\/lamoderna.edu.ec\/educacion-basica\/\">\n\t\t\t\t\t\t<span class=\"elementor-button-content-wrapper\">\n\t\t\t\t\t\t\t\t\t<span class=\"elementor-button-text\">LEER M\u00c1S<\/span>\n\t\t\t\t\t<\/span>\n\t\t\t\t\t<\/a>\n\t\t\t\t<\/div>\n\t\t\t\t\t\t\t\t<\/div>\n\t\t\t\t<\/div>\n\t\t\t\t<\/div>\n\t\t<div class=\"elementor-element elementor-element-087cd8c e-con-full e-flex e-con e-child\" data-id=\"087cd8c\" data-element_type=\"container\" data-e-type=\"container\">\n\t\t\t\t<div class=\"elementor-element elementor-element-64af8f2 elementor-widget elementor-widget-image\" data-id=\"64af8f2\" data-element_type=\"widget\" data-e-type=\"widget\" data-widget_type=\"image.default\">\n\t\t\t\t<div class=\"elementor-widget-container\">\n\t\t\t\t\t\t\t\t\t\t\t\t\t\t\t<img loading=\"lazy\" decoding=\"async\" width=\"616\" height=\"411\" src=\"https:\/\/lamoderna.edu.ec\/wp-content\/uploads\/2024\/05\/junior-1.jpg\" class=\"attachment-large size-large wp-image-377862\" alt=\"\" srcset=\"https:\/\/lamoderna.edu.ec\/wp-content\/uploads\/2024\/05\/junior-1.jpg 616w, https:\/\/lamoderna.edu.ec\/wp-content\/uploads\/2024\/05\/junior-1-300x200.jpg 300w\" sizes=\"(max-width: 616px) 100vw, 616px\" \/>\t\t\t\t\t\t\t\t\t\t\t\t\t\t\t<\/div>\n\t\t\t\t<\/div>\n\t\t\t\t<\/div>\n\t\t\t\t\t<\/div>\n\t\t\t\t<\/div>\n\t\t<div class=\"elementor-element elementor-element-494adf3 e-flex e-con-boxed e-con e-parent\" data-id=\"494adf3\" data-element_type=\"container\" data-e-type=\"container\" data-settings=\"{&quot;background_background&quot;:&quot;classic&quot;}\">\n\t\t\t\t\t<div class=\"e-con-inner\">\n\t\t<div class=\"elementor-element elementor-element-60a596a e-con-full e-flex e-con e-child\" data-id=\"60a596a\" data-element_type=\"container\" data-e-type=\"container\">\n\t\t\t\t<div class=\"elementor-element elementor-element-4e58f2c elementor-widget elementor-widget-image\" data-id=\"4e58f2c\" data-element_type=\"widget\" data-e-type=\"widget\" data-widget_type=\"image.default\">\n\t\t\t\t<div class=\"elementor-widget-container\">\n\t\t\t\t\t\t\t\t\t\t\t\t\t\t\t<img loading=\"lazy\" decoding=\"async\" width=\"616\" height=\"411\" src=\"https:\/\/lamoderna.edu.ec\/wp-content\/uploads\/2024\/05\/secundaria24-1.jpg\" class=\"attachment-large size-large wp-image-377866\" alt=\"\" srcset=\"https:\/\/lamoderna.edu.ec\/wp-content\/uploads\/2024\/05\/secundaria24-1.jpg 616w, https:\/\/lamoderna.edu.ec\/wp-content\/uploads\/2024\/05\/secundaria24-1-300x200.jpg 300w\" sizes=\"(max-width: 616px) 100vw, 616px\" \/>\t\t\t\t\t\t\t\t\t\t\t\t\t\t\t<\/div>\n\t\t\t\t<\/div>\n\t\t\t\t<\/div>\n\t\t<div class=\"elementor-element elementor-element-8f1e5b4 e-con-full e-flex e-con e-child\" data-id=\"8f1e5b4\" data-element_type=\"container\" data-e-type=\"container\">\n\t\t\t\t<div class=\"elementor-element elementor-element-6629a10 elementor-widget elementor-widget-text-editor\" data-id=\"6629a10\" data-element_type=\"widget\" data-e-type=\"widget\" data-widget_type=\"text-editor.default\">\n\t\t\t\t<div class=\"elementor-widget-container\">\n\t\t\t\t\t\t\t\t\t<p>BACHILLERATO INTERNACIONAL<\/p>\t\t\t\t\t\t\t\t<\/div>\n\t\t\t\t<\/div>\n\t\t\t\t<div class=\"elementor-element elementor-element-fdf7c16 elementor-widget elementor-widget-text-editor\" data-id=\"fdf7c16\" data-element_type=\"widget\" data-e-type=\"widget\" data-widget_type=\"text-editor.default\">\n\t\t\t\t<div class=\"elementor-widget-container\">\n\t\t\t\t\t\t\t\t\t<p>El <strong>Bachillerato <\/strong>en <em>La Moderna<\/em> promueve el desarrollo del pensamiento cient\u00edfico, la investigaci\u00f3n y el aprendizaje significativo, nuestros estudiantes acceden a una\u00a0<em>preparaci\u00f3n SAT Ecuador<\/em>,\u00a0<em>certificaciones Cambridge<\/em> y <em>rob\u00f3tica educativa, que<\/em> fortalecen sus competencias cognitivas, sociales y laborales para afrontar con \u00e9xito los retos de la educaci\u00f3n superior. A trav\u00e9s de metodolog\u00edas activas, los j\u00f3venes consolidan una formaci\u00f3n integral con visi\u00f3n global, biling\u00fcismo y compromiso con su entorno.<\/p>\t\t\t\t\t\t\t\t<\/div>\n\t\t\t\t<\/div>\n\t\t\t\t<div class=\"elementor-element elementor-element-c1c736b elementor-align-center elementor-widget elementor-widget-button\" data-id=\"c1c736b\" data-element_type=\"widget\" data-e-type=\"widget\" data-widget_type=\"button.default\">\n\t\t\t\t<div class=\"elementor-widget-container\">\n\t\t\t\t\t\t\t\t\t<div class=\"elementor-button-wrapper\">\n\t\t\t\t\t<a class=\"elementor-button elementor-button-link elementor-size-sm\" href=\"https:\/\/lamoderna.edu.ec\/bachillerato\/\">\n\t\t\t\t\t\t<span class=\"elementor-button-content-wrapper\">\n\t\t\t\t\t\t\t\t\t<span class=\"elementor-button-text\">LEER M\u00c1S<\/span>\n\t\t\t\t\t<\/span>\n\t\t\t\t\t<\/a>\n\t\t\t\t<\/div>\n\t\t\t\t\t\t\t\t<\/div>\n\t\t\t\t<\/div>\n\t\t\t\t<\/div>\n\t\t\t\t\t<\/div>\n\t\t\t\t<\/div>\n\t\t\t\t<\/div>\n\t\t","protected":false},"excerpt":{"rendered":"<p>Charla de Admisiones Admisiones Abiertas 2026 \u00a1El lugar ideal para aprender y crecer! Vive nuestro Amazing Learning La Moderna Vive una experiencia educativa \u00fanica con Amazing Learning La Moderna, un modelo que impulsa el desarrollo integral de cada estudiante y transforma la manera en que aprenden, piensan y descubren el mundo. En La Moderna, nuestros [&hellip;]<\/p>\n","protected":false},"author":2,"featured_media":0,"parent":0,"menu_order":0,"comment_status":"closed","ping_status":"closed","template":"","meta":{"footnotes":""},"class_list":["post-4306","page","type-page","status-publish","hentry"],"yoast_head":"<!-- This site is optimized with the Yoast SEO plugin v27.5 - https:\/\/yoast.com\/product\/yoast-seo-wordpress\/ -->\n<title>Charla de Admisiones - La Moderna<\/title>\n<meta name=\"robots\" content=\"index, follow, max-snippet:-1, max-image-preview:large, max-video-preview:-1\" \/>\n<link rel=\"canonical\" href=\"https:\/\/lamoderna.edu.ec\/en\/charladeadmisiones\/\" \/>\n<meta property=\"og:locale\" content=\"en_US\" \/>\n<meta property=\"og:type\" content=\"article\" \/>\n<meta property=\"og:title\" content=\"Charla de Admisiones - La Moderna\" \/>\n<meta property=\"og:description\" content=\"Charla de Admisiones Admisiones Abiertas 2026 \u00a1El lugar ideal para aprender y crecer! Vive nuestro Amazing Learning La Moderna Vive una experiencia educativa \u00fanica con Amazing Learning La Moderna, un modelo que impulsa el desarrollo integral de cada estudiante y transforma la manera en que aprenden, piensan y descubren el mundo. En La Moderna, nuestros [&hellip;]\" \/>\n<meta property=\"og:url\" content=\"https:\/\/lamoderna.edu.ec\/en\/charladeadmisiones\/\" \/>\n<meta property=\"og:site_name\" content=\"La Moderna\" \/>\n<meta property=\"article:publisher\" content=\"https:\/\/www.facebook.com\/lamodernaEC\/\" \/>\n<meta property=\"article:modified_time\" content=\"2025-12-05T14:59:42+00:00\" \/>\n<meta property=\"og:image\" content=\"https:\/\/lamoderna.edu.ec\/wp-content\/uploads\/2025\/03\/FOTOS-TRIPTICO-min-1-768x768.jpg\" \/>\n<meta name=\"twitter:card\" content=\"summary_large_image\" \/>\n<meta name=\"twitter:label1\" content=\"Est. reading time\" \/>\n\t<meta name=\"twitter:data1\" content=\"5 minutes\" \/>\n<script type=\"application\/ld+json\" class=\"yoast-schema-graph\">{\"@context\":\"https:\\\/\\\/schema.org\",\"@graph\":[{\"@type\":\"WebPage\",\"@id\":\"https:\\\/\\\/lamoderna.edu.ec\\\/charladeadmisiones\\\/\",\"url\":\"https:\\\/\\\/lamoderna.edu.ec\\\/charladeadmisiones\\\/\",\"name\":\"Charla de Admisiones - La Moderna\",\"isPartOf\":{\"@id\":\"https:\\\/\\\/lamoderna.edu.ec\\\/#website\"},\"primaryImageOfPage\":{\"@id\":\"https:\\\/\\\/lamoderna.edu.ec\\\/charladeadmisiones\\\/#primaryimage\"},\"image\":{\"@id\":\"https:\\\/\\\/lamoderna.edu.ec\\\/charladeadmisiones\\\/#primaryimage\"},\"thumbnailUrl\":\"https:\\\/\\\/lamoderna.edu.ec\\\/wp-content\\\/uploads\\\/2025\\\/03\\\/FOTOS-TRIPTICO-min-1-768x768.jpg\",\"datePublished\":\"2024-05-24T23:27:22+00:00\",\"dateModified\":\"2025-12-05T14:59:42+00:00\",\"breadcrumb\":{\"@id\":\"https:\\\/\\\/lamoderna.edu.ec\\\/charladeadmisiones\\\/#breadcrumb\"},\"inLanguage\":\"en-US\",\"potentialAction\":[{\"@type\":\"ReadAction\",\"target\":[\"https:\\\/\\\/lamoderna.edu.ec\\\/charladeadmisiones\\\/\"]}]},{\"@type\":\"ImageObject\",\"inLanguage\":\"en-US\",\"@id\":\"https:\\\/\\\/lamoderna.edu.ec\\\/charladeadmisiones\\\/#primaryimage\",\"url\":\"https:\\\/\\\/lamoderna.edu.ec\\\/wp-content\\\/uploads\\\/2025\\\/03\\\/FOTOS-TRIPTICO-min-1-768x768.jpg\",\"contentUrl\":\"https:\\\/\\\/lamoderna.edu.ec\\\/wp-content\\\/uploads\\\/2025\\\/03\\\/FOTOS-TRIPTICO-min-1-768x768.jpg\"},{\"@type\":\"BreadcrumbList\",\"@id\":\"https:\\\/\\\/lamoderna.edu.ec\\\/charladeadmisiones\\\/#breadcrumb\",\"itemListElement\":[{\"@type\":\"ListItem\",\"position\":1,\"name\":\"Inicio\",\"item\":\"https:\\\/\\\/lamoderna.edu.ec\\\/\"},{\"@type\":\"ListItem\",\"position\":2,\"name\":\"Charla de Admisiones\"}]},{\"@type\":\"WebSite\",\"@id\":\"https:\\\/\\\/lamoderna.edu.ec\\\/#website\",\"url\":\"https:\\\/\\\/lamoderna.edu.ec\\\/\",\"name\":\"Colegio La Moderna\",\"description\":\"Unidad Educativa Particular Biling\u00fce\",\"publisher\":{\"@id\":\"https:\\\/\\\/lamoderna.edu.ec\\\/#organization\"},\"alternateName\":\"Colegio LMO\",\"potentialAction\":[{\"@type\":\"SearchAction\",\"target\":{\"@type\":\"EntryPoint\",\"urlTemplate\":\"https:\\\/\\\/lamoderna.edu.ec\\\/?s={search_term_string}\"},\"query-input\":{\"@type\":\"PropertyValueSpecification\",\"valueRequired\":true,\"valueName\":\"search_term_string\"}}],\"inLanguage\":\"en-US\"},{\"@type\":\"Organization\",\"@id\":\"https:\\\/\\\/lamoderna.edu.ec\\\/#organization\",\"name\":\"Colegio La Moderna\",\"alternateName\":\"Colegio LMO\",\"url\":\"https:\\\/\\\/lamoderna.edu.ec\\\/\",\"logo\":{\"@type\":\"ImageObject\",\"inLanguage\":\"en-US\",\"@id\":\"https:\\\/\\\/lamoderna.edu.ec\\\/#\\\/schema\\\/logo\\\/image\\\/\",\"url\":\"https:\\\/\\\/lamoderna.edu.ec\\\/wp-content\\\/uploads\\\/2024\\\/08\\\/icono.png\",\"contentUrl\":\"https:\\\/\\\/lamoderna.edu.ec\\\/wp-content\\\/uploads\\\/2024\\\/08\\\/icono.png\",\"width\":103,\"height\":102,\"caption\":\"Colegio La Moderna\"},\"image\":{\"@id\":\"https:\\\/\\\/lamoderna.edu.ec\\\/#\\\/schema\\\/logo\\\/image\\\/\"},\"sameAs\":[\"https:\\\/\\\/www.facebook.com\\\/lamodernaEC\\\/\",\"https:\\\/\\\/www.instagram.com\\\/lamoderna_ec\\\/#\"]}]}<\/script>\n<!-- \/ Yoast SEO plugin. -->","yoast_head_json":{"title":"Charla de Admisiones - La Moderna","robots":{"index":"index","follow":"follow","max-snippet":"max-snippet:-1","max-image-preview":"max-image-preview:large","max-video-preview":"max-video-preview:-1"},"canonical":"https:\/\/lamoderna.edu.ec\/en\/charladeadmisiones\/","og_locale":"en_US","og_type":"article","og_title":"Charla de Admisiones - La Moderna","og_description":"Charla de Admisiones Admisiones Abiertas 2026 \u00a1El lugar ideal para aprender y crecer! Vive nuestro Amazing Learning La Moderna Vive una experiencia educativa \u00fanica con Amazing Learning La Moderna, un modelo que impulsa el desarrollo integral de cada estudiante y transforma la manera en que aprenden, piensan y descubren el mundo. En La Moderna, nuestros [&hellip;]","og_url":"https:\/\/lamoderna.edu.ec\/en\/charladeadmisiones\/","og_site_name":"La Moderna","article_publisher":"https:\/\/www.facebook.com\/lamodernaEC\/","article_modified_time":"2025-12-05T14:59:42+00:00","og_image":[{"url":"https:\/\/lamoderna.edu.ec\/wp-content\/uploads\/2025\/03\/FOTOS-TRIPTICO-min-1-768x768.jpg","type":"","width":"","height":""}],"twitter_card":"summary_large_image","twitter_misc":{"Est. reading time":"5 minutes"},"schema":{"@context":"https:\/\/schema.org","@graph":[{"@type":"WebPage","@id":"https:\/\/lamoderna.edu.ec\/charladeadmisiones\/","url":"https:\/\/lamoderna.edu.ec\/charladeadmisiones\/","name":"Charla de Admisiones - La Moderna","isPartOf":{"@id":"https:\/\/lamoderna.edu.ec\/#website"},"primaryImageOfPage":{"@id":"https:\/\/lamoderna.edu.ec\/charladeadmisiones\/#primaryimage"},"image":{"@id":"https:\/\/lamoderna.edu.ec\/charladeadmisiones\/#primaryimage"},"thumbnailUrl":"https:\/\/lamoderna.edu.ec\/wp-content\/uploads\/2025\/03\/FOTOS-TRIPTICO-min-1-768x768.jpg","datePublished":"2024-05-24T23:27:22+00:00","dateModified":"2025-12-05T14:59:42+00:00","breadcrumb":{"@id":"https:\/\/lamoderna.edu.ec\/charladeadmisiones\/#breadcrumb"},"inLanguage":"en-US","potentialAction":[{"@type":"ReadAction","target":["https:\/\/lamoderna.edu.ec\/charladeadmisiones\/"]}]},{"@type":"ImageObject","inLanguage":"en-US","@id":"https:\/\/lamoderna.edu.ec\/charladeadmisiones\/#primaryimage","url":"https:\/\/lamoderna.edu.ec\/wp-content\/uploads\/2025\/03\/FOTOS-TRIPTICO-min-1-768x768.jpg","contentUrl":"https:\/\/lamoderna.edu.ec\/wp-content\/uploads\/2025\/03\/FOTOS-TRIPTICO-min-1-768x768.jpg"},{"@type":"BreadcrumbList","@id":"https:\/\/lamoderna.edu.ec\/charladeadmisiones\/#breadcrumb","itemListElement":[{"@type":"ListItem","position":1,"name":"Inicio","item":"https:\/\/lamoderna.edu.ec\/"},{"@type":"ListItem","position":2,"name":"Charla de Admisiones"}]},{"@type":"WebSite","@id":"https:\/\/lamoderna.edu.ec\/#website","url":"https:\/\/lamoderna.edu.ec\/","name":"Colegio La Moderna","description":"Unidad Educativa Particular Biling\u00fce","publisher":{"@id":"https:\/\/lamoderna.edu.ec\/#organization"},"alternateName":"Colegio LMO","potentialAction":[{"@type":"SearchAction","target":{"@type":"EntryPoint","urlTemplate":"https:\/\/lamoderna.edu.ec\/?s={search_term_string}"},"query-input":{"@type":"PropertyValueSpecification","valueRequired":true,"valueName":"search_term_string"}}],"inLanguage":"en-US"},{"@type":"Organization","@id":"https:\/\/lamoderna.edu.ec\/#organization","name":"Colegio La Moderna","alternateName":"Colegio LMO","url":"https:\/\/lamoderna.edu.ec\/","logo":{"@type":"ImageObject","inLanguage":"en-US","@id":"https:\/\/lamoderna.edu.ec\/#\/schema\/logo\/image\/","url":"https:\/\/lamoderna.edu.ec\/wp-content\/uploads\/2024\/08\/icono.png","contentUrl":"https:\/\/lamoderna.edu.ec\/wp-content\/uploads\/2024\/08\/icono.png","width":103,"height":102,"caption":"Colegio La Moderna"},"image":{"@id":"https:\/\/lamoderna.edu.ec\/#\/schema\/logo\/image\/"},"sameAs":["https:\/\/www.facebook.com\/lamodernaEC\/","https:\/\/www.instagram.com\/lamoderna_ec\/#"]}]}},"_links":{"self":[{"href":"https:\/\/lamoderna.edu.ec\/en\/wp-json\/wp\/v2\/pages\/4306","targetHints":{"allow":["GET"]}}],"collection":[{"href":"https:\/\/lamoderna.edu.ec\/en\/wp-json\/wp\/v2\/pages"}],"about":[{"href":"https:\/\/lamoderna.edu.ec\/en\/wp-json\/wp\/v2\/types\/page"}],"author":[{"embeddable":true,"href":"https:\/\/lamoderna.edu.ec\/en\/wp-json\/wp\/v2\/users\/2"}],"replies":[{"embeddable":true,"href":"https:\/\/lamoderna.edu.ec\/en\/wp-json\/wp\/v2\/comments?post=4306"}],"version-history":[{"count":63,"href":"https:\/\/lamoderna.edu.ec\/en\/wp-json\/wp\/v2\/pages\/4306\/revisions"}],"predecessor-version":[{"id":381788,"href":"https:\/\/lamoderna.edu.ec\/en\/wp-json\/wp\/v2\/pages\/4306\/revisions\/381788"}],"wp:attachment":[{"href":"https:\/\/lamoderna.edu.ec\/en\/wp-json\/wp\/v2\/media?parent=4306"}],"curies":[{"name":"wp","href":"https:\/\/api.w.org\/{rel}","templated":true}]}}