{"version":"1.0","provider_name":"La Moderna","provider_url":"https:\/\/lamoderna.edu.ec\/en","title":"D\u00cdA DEL ESCUDO NACIONAL - La Moderna","type":"rich","width":600,"height":338,"html":"<blockquote class=\"wp-embedded-content\" data-secret=\"d1WFNCppcM\"><a href=\"https:\/\/lamoderna.edu.ec\/en\/dia-del-escudo-nacional\/\">D\u00cdA DEL ESCUDO NACIONAL<\/a><\/blockquote><iframe sandbox=\"allow-scripts\" security=\"restricted\" src=\"https:\/\/lamoderna.edu.ec\/en\/dia-del-escudo-nacional\/embed\/#?secret=d1WFNCppcM\" width=\"600\" height=\"338\" title=\"&#8220;D\u00cdA DEL ESCUDO NACIONAL&#8221; &#8212; La Moderna\" data-secret=\"d1WFNCppcM\" frameborder=\"0\" marginwidth=\"0\" marginheight=\"0\" scrolling=\"no\" class=\"wp-embedded-content\"><\/iframe><script>\n\/*! This file is auto-generated *\/\n!function(d,l){\"use strict\";l.querySelector&&d.addEventListener&&\"undefined\"!=typeof URL&&(d.wp=d.wp||{},d.wp.receiveEmbedMessage||(d.wp.receiveEmbedMessage=function(e){var t=e.data;if((t||t.secret||t.message||t.value)&&!\/[^a-zA-Z0-9]\/.test(t.secret)){for(var s,r,n,a=l.querySelectorAll('iframe[data-secret=\"'+t.secret+'\"]'),o=l.querySelectorAll('blockquote[data-secret=\"'+t.secret+'\"]'),c=new RegExp(\"^https?:$\",\"i\"),i=0;i<o.length;i++)o[i].style.display=\"none\";for(i=0;i<a.length;i++)s=a[i],e.source===s.contentWindow&&(s.removeAttribute(\"style\"),\"height\"===t.message?(1e3<(r=parseInt(t.value,10))?r=1e3:~~r<200&&(r=200),s.height=r):\"link\"===t.message&&(r=new URL(s.getAttribute(\"src\")),n=new URL(t.value),c.test(n.protocol))&&n.host===r.host&&l.activeElement===s&&(d.top.location.href=t.value))}},d.addEventListener(\"message\",d.wp.receiveEmbedMessage,!1),l.addEventListener(\"DOMContentLoaded\",function(){for(var e,t,s=l.querySelectorAll(\"iframe.wp-embedded-content\"),r=0;r<s.length;r++)(t=(e=s[r]).getAttribute(\"data-secret\"))||(t=Math.random().toString(36).substring(2,12),e.src+=\"#?secret=\"+t,e.setAttribute(\"data-secret\",t)),e.contentWindow.postMessage({message:\"ready\",secret:t},\"*\")},!1)))}(window,document);\n\/\/# sourceURL=https:\/\/lamoderna.edu.ec\/wp-includes\/js\/wp-embed.min.js\n<\/script>","thumbnail_url":"https:\/\/lamoderna.edu.ec\/wp-content\/uploads\/2020\/10\/Dia-del-Escudo-01.jpg","thumbnail_width":2500,"thumbnail_height":2500,"description":"El 31 de octubre se celebra el d\u00eda del Escudo, uno de los S\u00edmbolos Patrios de Ecuador que fue adoptado oficialmente por el Congreso el 31 de octubre de 1900, logrando su implementaci\u00f3n en la presidencia del General Eloy Alfaro Delgado, el 7 de noviembre del mismo a\u00f1o. D\u00edas despu\u00e9s, el 5 de diciembre, el decreto se public\u00f3 en el Registro Oficial."}